{"id":708,"date":"2020-10-23T10:38:05","date_gmt":"2020-10-23T09:38:05","guid":{"rendered":"http:\/\/miligram10.miligram.pt\/equipa\/"},"modified":"2024-02-06T15:57:03","modified_gmt":"2024-02-06T14:57:03","slug":"equipa","status":"publish","type":"page","link":"https:\/\/douroexclusive.com\/pt-pt\/equipa\/","title":{"rendered":"Propriet\u00e1rios"},"content":{"rendered":"\t\t<div data-elementor-type=\"wp-page\" data-elementor-id=\"708\" class=\"elementor elementor-708 elementor-263\" data-elementor-post-type=\"page\">\n\t\t\t\t\t\t<section class=\"elementor-section elementor-top-section elementor-element elementor-element-7d32d5f6 elementor-section-full_width elementor-section-height-full elementor-section-height-default elementor-section-items-middle\" data-id=\"7d32d5f6\" data-element_type=\"section\" data-e-type=\"section\" data-settings=\"{&quot;background_background&quot;:&quot;classic&quot;}\">\n\t\t\t\t\t\t<div class=\"elementor-container elementor-column-gap-no\">\n\t\t\t\t\t<div class=\"elementor-column elementor-col-100 elementor-top-column elementor-element elementor-element-1e486d6f\" data-id=\"1e486d6f\" data-element_type=\"column\" data-e-type=\"column\">\n\t\t\t<div class=\"elementor-widget-wrap elementor-element-populated\">\n\t\t\t\t\t\t<section class=\"elementor-section elementor-inner-section elementor-element elementor-element-66224d34 elementor-section-full_width elementor-section-height-default elementor-section-height-default\" data-id=\"66224d34\" data-element_type=\"section\" data-e-type=\"section\">\n\t\t\t\t\t\t<div class=\"elementor-container elementor-column-gap-default\">\n\t\t\t\t\t<div class=\"elementor-column elementor-col-50 elementor-inner-column elementor-element elementor-element-1fef6836 elementor-hidden-tablet elementor-hidden-phone\" data-id=\"1fef6836\" data-element_type=\"column\" data-e-type=\"column\">\n\t\t\t<div class=\"elementor-widget-wrap\">\n\t\t\t\t\t\t\t<\/div>\n\t\t<\/div>\n\t\t\t\t<div class=\"elementor-column elementor-col-50 elementor-inner-column elementor-element elementor-element-5fcad191\" data-id=\"5fcad191\" data-element_type=\"column\" data-e-type=\"column\">\n\t\t\t<div class=\"elementor-widget-wrap elementor-element-populated\">\n\t\t\t\t\t\t<div class=\"elementor-element elementor-element-49802fee animated-slow elementor-invisible elementor-widget elementor-widget-theme-post-title elementor-page-title elementor-widget-heading\" data-id=\"49802fee\" data-element_type=\"widget\" data-e-type=\"widget\" data-settings=\"{&quot;_animation&quot;:&quot;fadeInRight&quot;}\" data-widget_type=\"theme-post-title.default\">\n\t\t\t\t<div class=\"elementor-widget-container\">\n\t\t\t\t\t<h1 class=\"elementor-heading-title elementor-size-default\">Propriet\u00e1rios<\/h1>\t\t\t\t<\/div>\n\t\t\t\t<\/div>\n\t\t\t\t<div class=\"elementor-element elementor-element-747bf355 animated-slow elementor-invisible elementor-widget elementor-widget-text-editor\" data-id=\"747bf355\" data-element_type=\"widget\" data-e-type=\"widget\" data-settings=\"{&quot;_animation&quot;:&quot;fadeIn&quot;,&quot;_animation_delay&quot;:1000}\" data-widget_type=\"text-editor.default\">\n\t\t\t\t<div class=\"elementor-widget-container\">\n\t\t\t\t\t\t\t\t\t<div>A\u00a0<span style=\"color: #000000;\">Ana e o Marco, fundadores e propriet\u00e1rios da Douro Exclusive, est\u00e3o profundamente enraizados no Vale do Douro. &#8220;\u00c9 uma honra para n\u00f3s acolher e orientar os nossos clientes ao longo deste incr\u00edvel Vale do Vinho que temos a sorte de chamar de lar.&#8221;<\/span><\/div>\n<p><span style=\"color: #000000;\">Todos os membros da Equipa t\u00eam o N\u00edvel 2 do Diploma Internacional de Certifica\u00e7\u00e3o de Vinhos WSET.<br \/>\nToda a Equipa ter\u00e1 uma entrega constante, onde a paix\u00e3o, o conhecimento e a aten\u00e7\u00e3o aos detalhes far\u00e3o a diferen\u00e7a no final de cada dia.\u00a0<\/span><\/p>\n\t\t\t\t\t\t\t\t<\/div>\n\t\t\t\t<\/div>\n\t\t\t\t\t<\/div>\n\t\t<\/div>\n\t\t\t\t\t<\/div>\n\t\t<\/section>\n\t\t\t\t\t<\/div>\n\t\t<\/div>\n\t\t\t\t\t<\/div>\n\t\t<\/section>\n\t\t\t\t<section class=\"elementor-section elementor-top-section elementor-element elementor-element-245477bc elementor-section-content-middle elementor-section-boxed elementor-section-height-default elementor-section-height-default\" data-id=\"245477bc\" data-element_type=\"section\" data-e-type=\"section\">\n\t\t\t\t\t\t<div class=\"elementor-container elementor-column-gap-no\">\n\t\t\t\t\t<div class=\"elementor-column elementor-col-50 elementor-top-column elementor-element elementor-element-4b49b678 animated-slow elementor-invisible\" data-id=\"4b49b678\" data-element_type=\"column\" data-e-type=\"column\" data-settings=\"{&quot;animation&quot;:&quot;fadeInLeft&quot;,&quot;animation_delay&quot;:2}\">\n\t\t\t<div class=\"elementor-widget-wrap elementor-element-populated\">\n\t\t\t\t\t\t<div class=\"elementor-element elementor-element-6ad9a811 elementor-position-left elementor-vertical-align-middle elementor-widget elementor-widget-image-box\" data-id=\"6ad9a811\" data-element_type=\"widget\" data-e-type=\"widget\" data-widget_type=\"image-box.default\">\n\t\t\t\t<div class=\"elementor-widget-container\">\n\t\t\t\t\t<div class=\"elementor-image-box-wrapper\"><figure class=\"elementor-image-box-img\"><img fetchpriority=\"high\" decoding=\"async\" width=\"400\" height=\"400\" src=\"https:\/\/douroexclusive.com\/wp-content\/uploads\/2020\/08\/marco-pinto.png\" class=\"attachment-full size-full wp-image-289\" alt=\"\" srcset=\"https:\/\/douroexclusive.com\/wp-content\/uploads\/2020\/08\/marco-pinto.png 400w, https:\/\/douroexclusive.com\/wp-content\/uploads\/2020\/08\/marco-pinto-300x300.png 300w, https:\/\/douroexclusive.com\/wp-content\/uploads\/2020\/08\/marco-pinto-100x100.png 100w, https:\/\/douroexclusive.com\/wp-content\/uploads\/2020\/08\/marco-pinto-150x150.png 150w\" sizes=\"(max-width: 400px) 100vw, 400px\" \/><\/figure><div class=\"elementor-image-box-content\"><h3 class=\"elementor-image-box-title\">Marco Pinto<\/h3><p class=\"elementor-image-box-description\">Founder &amp; Owner<\/p><\/div><\/div>\t\t\t\t<\/div>\n\t\t\t\t<\/div>\n\t\t\t\t<div class=\"elementor-element elementor-element-664d3664 elementor-widget elementor-widget-text-editor\" data-id=\"664d3664\" data-element_type=\"widget\" data-e-type=\"widget\" data-widget_type=\"text-editor.default\">\n\t\t\t\t<div class=\"elementor-widget-container\">\n\t\t\t\t\t\t\t\t\t<p>Natural da cidade de Peso da R\u00e9gua, Marco logo se apaixonou pelo terroir do Douro e pela sua beleza singular.<\/p>\n<p>&#8220;O gosto pela atividade tur\u00edstica e o cuidado com o bem-estar dos nossos clientes s\u00e3o fundamentais caracter\u00edsticas da minha personalidade.&#8221;<\/p>\n\t\t\t\t\t\t\t\t<\/div>\n\t\t\t\t<\/div>\n\t\t\t\t<div class=\"elementor-element elementor-element-288343c7 e-grid-align-left e-grid-align-mobile-center elementor-shape-rounded elementor-grid-0 elementor-widget elementor-widget-social-icons\" data-id=\"288343c7\" data-element_type=\"widget\" data-e-type=\"widget\" data-widget_type=\"social-icons.default\">\n\t\t\t\t<div class=\"elementor-widget-container\">\n\t\t\t\t\t\t\t<div class=\"elementor-social-icons-wrapper elementor-grid\" role=\"list\">\n\t\t\t\t\t\t\t<span class=\"elementor-grid-item\" role=\"listitem\">\n\t\t\t\t\t<a class=\"elementor-icon elementor-social-icon elementor-social-icon-facebook-f elementor-animation-grow elementor-repeater-item-8b93740\" href=\"https:\/\/www.facebook.com\/marco.pinto.737\" target=\"_blank\">\n\t\t\t\t\t\t<span class=\"elementor-screen-only\">Facebook-f<\/span>\n\t\t\t\t\t\t<i aria-hidden=\"true\" class=\"fab fa-facebook-f\"><\/i>\t\t\t\t\t<\/a>\n\t\t\t\t<\/span>\n\t\t\t\t\t\t\t<span class=\"elementor-grid-item\" role=\"listitem\">\n\t\t\t\t\t<a class=\"elementor-icon elementor-social-icon elementor-social-icon-envelope elementor-animation-grow elementor-repeater-item-588e889\" href=\"mailto:marcopinto@douroexclusive.com\" target=\"_blank\">\n\t\t\t\t\t\t<span class=\"elementor-screen-only\">Envelope<\/span>\n\t\t\t\t\t\t<i aria-hidden=\"true\" class=\"fas fa-envelope\"><\/i>\t\t\t\t\t<\/a>\n\t\t\t\t<\/span>\n\t\t\t\t\t<\/div>\n\t\t\t\t\t\t<\/div>\n\t\t\t\t<\/div>\n\t\t\t\t\t<\/div>\n\t\t<\/div>\n\t\t\t\t<div class=\"elementor-column elementor-col-50 elementor-top-column elementor-element elementor-element-894c0b9 animated-slow elementor-invisible\" data-id=\"894c0b9\" data-element_type=\"column\" data-e-type=\"column\" data-settings=\"{&quot;animation&quot;:&quot;fadeInRight&quot;,&quot;animation_delay&quot;:2}\">\n\t\t\t<div class=\"elementor-widget-wrap elementor-element-populated\">\n\t\t\t\t\t\t<div class=\"elementor-element elementor-element-f517873 elementor-position-left elementor-vertical-align-middle elementor-widget elementor-widget-image-box\" data-id=\"f517873\" data-element_type=\"widget\" data-e-type=\"widget\" data-widget_type=\"image-box.default\">\n\t\t\t\t<div class=\"elementor-widget-container\">\n\t\t\t\t\t<div class=\"elementor-image-box-wrapper\"><figure class=\"elementor-image-box-img\"><img decoding=\"async\" width=\"400\" height=\"400\" src=\"https:\/\/douroexclusive.com\/wp-content\/uploads\/2020\/08\/ana-carvalho.png\" class=\"attachment-full size-full wp-image-287\" alt=\"\" srcset=\"https:\/\/douroexclusive.com\/wp-content\/uploads\/2020\/08\/ana-carvalho.png 400w, https:\/\/douroexclusive.com\/wp-content\/uploads\/2020\/08\/ana-carvalho-300x300.png 300w, https:\/\/douroexclusive.com\/wp-content\/uploads\/2020\/08\/ana-carvalho-100x100.png 100w, https:\/\/douroexclusive.com\/wp-content\/uploads\/2020\/08\/ana-carvalho-150x150.png 150w\" sizes=\"(max-width: 400px) 100vw, 400px\" \/><\/figure><div class=\"elementor-image-box-content\"><h3 class=\"elementor-image-box-title\">Ana Carvalho<\/h3><p class=\"elementor-image-box-description\">Founder &amp; Owner<\/p><\/div><\/div>\t\t\t\t<\/div>\n\t\t\t\t<\/div>\n\t\t\t\t<div class=\"elementor-element elementor-element-18edb4c elementor-widget elementor-widget-text-editor\" data-id=\"18edb4c\" data-element_type=\"widget\" data-e-type=\"widget\" data-widget_type=\"text-editor.default\">\n\t\t\t\t<div class=\"elementor-widget-container\">\n\t\t\t\t\t\t\t\t\t<p><span style=\"color: #000000;\">Nascida em Vila Real, capital de distrito, Ana encontrou nas ra\u00edzes familiares a inspira\u00e7\u00e3o para prosseguir na \u00e1rea do turismo.<\/span><\/p>\n<p><span style=\"color: #000000;\">\u201cSinto-me privilegiada por poder proporcionar aos meus clientes experi\u00eancias \u00fanicas e inesquec\u00edveis.\u201d<\/span><\/p>\n\t\t\t\t\t\t\t\t<\/div>\n\t\t\t\t<\/div>\n\t\t\t\t<div class=\"elementor-element elementor-element-a7704a9 e-grid-align-left e-grid-align-mobile-center elementor-shape-rounded elementor-grid-0 elementor-widget elementor-widget-social-icons\" data-id=\"a7704a9\" data-element_type=\"widget\" data-e-type=\"widget\" data-widget_type=\"social-icons.default\">\n\t\t\t\t<div class=\"elementor-widget-container\">\n\t\t\t\t\t\t\t<div class=\"elementor-social-icons-wrapper elementor-grid\" role=\"list\">\n\t\t\t\t\t\t\t<span class=\"elementor-grid-item\" role=\"listitem\">\n\t\t\t\t\t<a class=\"elementor-icon elementor-social-icon elementor-social-icon-facebook-f elementor-animation-grow elementor-repeater-item-8b93740\" href=\"https:\/\/www.facebook.com\/anaclaudia.carvalho.52831?fref=ts\" target=\"_blank\">\n\t\t\t\t\t\t<span class=\"elementor-screen-only\">Facebook-f<\/span>\n\t\t\t\t\t\t<i aria-hidden=\"true\" class=\"fab fa-facebook-f\"><\/i>\t\t\t\t\t<\/a>\n\t\t\t\t<\/span>\n\t\t\t\t\t\t\t<span class=\"elementor-grid-item\" role=\"listitem\">\n\t\t\t\t\t<a class=\"elementor-icon elementor-social-icon elementor-social-icon-envelope elementor-animation-grow elementor-repeater-item-588e889\" href=\"mailto:anacarvalho@douroexclusive.com\" target=\"_blank\">\n\t\t\t\t\t\t<span class=\"elementor-screen-only\">Envelope<\/span>\n\t\t\t\t\t\t<i aria-hidden=\"true\" class=\"fas fa-envelope\"><\/i>\t\t\t\t\t<\/a>\n\t\t\t\t<\/span>\n\t\t\t\t\t<\/div>\n\t\t\t\t\t\t<\/div>\n\t\t\t\t<\/div>\n\t\t\t\t\t<\/div>\n\t\t<\/div>\n\t\t\t\t\t<\/div>\n\t\t<\/section>\n\t\t\t\t<\/div>\n\t\t","protected":false},"excerpt":{"rendered":"<p>A\u00a0Ana e o Marco, fundadores e propriet\u00e1rios da Douro Exclusive, est\u00e3o profundamente enraizados no Vale do Douro. &#8220;\u00c9 uma honra para n\u00f3s acolher e orientar os nossos clientes ao longo deste incr\u00edvel Vale do Vinho que temos a sorte de chamar de lar.&#8221; Todos os membros da Equipa t\u00eam o N\u00edvel 2 do Diploma Internacional &hellip; <\/p>\n<p class=\"link-more\"><a href=\"https:\/\/douroexclusive.com\/pt-pt\/equipa\/\" class=\"more-link\">Continue reading<span class=\"screen-reader-text\"> &#8220;Propriet\u00e1rios&#8221;<\/span><\/a><\/p>\n","protected":false},"author":1,"featured_media":0,"parent":0,"menu_order":0,"comment_status":"closed","ping_status":"closed","template":"elementor_header_footer","meta":{"footnotes":""},"class_list":["post-708","page","type-page","status-publish","hentry","entry"],"_links":{"self":[{"href":"https:\/\/douroexclusive.com\/pt-pt\/wp-json\/wp\/v2\/pages\/708","targetHints":{"allow":["GET"]}}],"collection":[{"href":"https:\/\/douroexclusive.com\/pt-pt\/wp-json\/wp\/v2\/pages"}],"about":[{"href":"https:\/\/douroexclusive.com\/pt-pt\/wp-json\/wp\/v2\/types\/page"}],"author":[{"embeddable":true,"href":"https:\/\/douroexclusive.com\/pt-pt\/wp-json\/wp\/v2\/users\/1"}],"replies":[{"embeddable":true,"href":"https:\/\/douroexclusive.com\/pt-pt\/wp-json\/wp\/v2\/comments?post=708"}],"version-history":[{"count":8,"href":"https:\/\/douroexclusive.com\/pt-pt\/wp-json\/wp\/v2\/pages\/708\/revisions"}],"predecessor-version":[{"id":2781,"href":"https:\/\/douroexclusive.com\/pt-pt\/wp-json\/wp\/v2\/pages\/708\/revisions\/2781"}],"wp:attachment":[{"href":"https:\/\/douroexclusive.com\/pt-pt\/wp-json\/wp\/v2\/media?parent=708"}],"curies":[{"name":"wp","href":"https:\/\/api.w.org\/{rel}","templated":true}]}}